{"id":39,"date":"2023-04-06T14:50:00","date_gmt":"2023-04-06T14:50:00","guid":{"rendered":"http:\/\/esteticainma.epizy.com\/?page_id=39"},"modified":"2023-07-03T10:37:41","modified_gmt":"2023-07-03T08:37:41","slug":"servicios","status":"publish","type":"page","link":"https:\/\/esteticainmavalencia.es\/index.php\/servicios\/","title":{"rendered":"Servicios y productos"},"content":{"rendered":"\t\t<div data-elementor-type=\"wp-page\" data-elementor-id=\"39\" class=\"elementor elementor-39\">\n\t\t\t\t\t\t<section class=\"elementor-section elementor-top-section elementor-element elementor-element-a80cc75 elementor-section-boxed elementor-section-height-default elementor-section-height-default\" data-id=\"a80cc75\" data-element_type=\"section\" data-e-type=\"section\">\n\t\t\t\t\t\t<div class=\"elementor-container elementor-column-gap-default\">\n\t\t\t\t\t<div class=\"elementor-column elementor-col-100 elementor-top-column elementor-element elementor-element-ceaa0c3\" data-id=\"ceaa0c3\" data-element_type=\"column\" data-e-type=\"column\">\n\t\t\t<div class=\"elementor-widget-wrap elementor-element-populated\">\n\t\t\t\t\t\t<div class=\"elementor-element elementor-element-01d7fbf elementor-widget elementor-widget-heading\" data-id=\"01d7fbf\" data-element_type=\"widget\" data-e-type=\"widget\" data-widget_type=\"heading.default\">\n\t\t\t\t<div class=\"elementor-widget-container\">\n\t\t\t\t\t<h2 class=\"elementor-heading-title elementor-size-default\">CONSULTA NUESTRA RELACI\u00d3N DE SERVICIOS PROFESIONALES<\/h2>\t\t\t\t<\/div>\n\t\t\t\t<\/div>\n\t\t\t\t\t<\/div>\n\t\t<\/div>\n\t\t\t\t\t<\/div>\n\t\t<\/section>\n\t\t\t\t<section class=\"elementor-section elementor-top-section elementor-element elementor-element-d5e0442 elementor-section-boxed elementor-section-height-default elementor-section-height-default\" data-id=\"d5e0442\" data-element_type=\"section\" data-e-type=\"section\">\n\t\t\t\t\t\t<div class=\"elementor-container elementor-column-gap-no\">\n\t\t\t\t\t<div class=\"elementor-column elementor-col-33 elementor-top-column elementor-element elementor-element-d99d4f7\" data-id=\"d99d4f7\" data-element_type=\"column\" data-e-type=\"column\">\n\t\t\t<div class=\"elementor-widget-wrap\">\n\t\t\t\t\t\t\t<\/div>\n\t\t<\/div>\n\t\t\t\t<div class=\"elementor-column elementor-col-66 elementor-top-column elementor-element elementor-element-f3fdd06\" data-id=\"f3fdd06\" data-element_type=\"column\" data-e-type=\"column\">\n\t\t\t<div class=\"elementor-widget-wrap elementor-element-populated\">\n\t\t\t\t\t\t<div class=\"elementor-element elementor-element-faa364d elementor-widget__width-initial elementor-widget elementor-widget-heading\" data-id=\"faa364d\" data-element_type=\"widget\" data-e-type=\"widget\" id=\"tratamientofacial\" data-widget_type=\"heading.default\">\n\t\t\t\t<div class=\"elementor-widget-container\">\n\t\t\t\t\t<h2 class=\"elementor-heading-title elementor-size-default\"><a href=\"index.php\/2023\/04\/09\/el-tratamiento-facial-que-necesitas\">Tratamientos faciales Montibello<\/a><\/h2>\t\t\t\t<\/div>\n\t\t\t\t<\/div>\n\t\t\t\t\t<\/div>\n\t\t<\/div>\n\t\t\t\t\t<\/div>\n\t\t<\/section>\n\t\t\t\t<section class=\"elementor-section elementor-top-section elementor-element elementor-element-0274c3c elementor-section-boxed elementor-section-height-default elementor-section-height-default\" data-id=\"0274c3c\" data-element_type=\"section\" data-e-type=\"section\">\n\t\t\t\t\t\t<div class=\"elementor-container elementor-column-gap-default\">\n\t\t\t\t\t<div class=\"elementor-column elementor-col-33 elementor-top-column elementor-element elementor-element-e41087e\" data-id=\"e41087e\" data-element_type=\"column\" data-e-type=\"column\">\n\t\t\t<div class=\"elementor-widget-wrap elementor-element-populated\">\n\t\t\t\t\t\t<div class=\"elementor-element elementor-element-7294247 elementor-widget elementor-widget-image\" data-id=\"7294247\" data-element_type=\"widget\" data-e-type=\"widget\" data-widget_type=\"image.default\">\n\t\t\t\t<div class=\"elementor-widget-container\">\n\t\t\t\t\t\t\t\t\t\t\t\t\t\t\t\t<a href=\"index.php\/2023\/04\/09\/el-tratamiento-facial-que-necesitas\">\n\t\t\t\t\t\t\t<img fetchpriority=\"high\" decoding=\"async\" width=\"300\" height=\"294\" src=\"https:\/\/esteticainmavalencia.es\/wp-content\/uploads\/2023\/06\/WhatsApp-Image-2023-06-15-at-14.44.28-300x294.jpeg\" class=\"attachment-medium size-medium wp-image-792\" alt=\"servicio de tratamiento belleza facial\" srcset=\"https:\/\/esteticainmavalencia.es\/wp-content\/uploads\/2023\/06\/WhatsApp-Image-2023-06-15-at-14.44.28-300x294.jpeg 300w, https:\/\/esteticainmavalencia.es\/wp-content\/uploads\/2023\/06\/WhatsApp-Image-2023-06-15-at-14.44.28-1024x1005.jpeg 1024w, https:\/\/esteticainmavalencia.es\/wp-content\/uploads\/2023\/06\/WhatsApp-Image-2023-06-15-at-14.44.28-768x754.jpeg 768w, https:\/\/esteticainmavalencia.es\/wp-content\/uploads\/2023\/06\/WhatsApp-Image-2023-06-15-at-14.44.28-61x60.jpeg 61w, https:\/\/esteticainmavalencia.es\/wp-content\/uploads\/2023\/06\/WhatsApp-Image-2023-06-15-at-14.44.28.jpeg 1080w\" sizes=\"(max-width: 300px) 100vw, 300px\" \/>\t\t\t\t\t\t\t\t<\/a>\n\t\t\t\t\t\t\t\t\t\t\t\t\t\t\t<\/div>\n\t\t\t\t<\/div>\n\t\t\t\t\t<\/div>\n\t\t<\/div>\n\t\t\t\t<div class=\"elementor-column elementor-col-33 elementor-top-column elementor-element elementor-element-f06837c\" data-id=\"f06837c\" data-element_type=\"column\" data-e-type=\"column\">\n\t\t\t<div class=\"elementor-widget-wrap elementor-element-populated\">\n\t\t\t\t\t\t<div class=\"elementor-element elementor-element-38ec063 elementor-widget elementor-widget-heading\" data-id=\"38ec063\" data-element_type=\"widget\" data-e-type=\"widget\" data-widget_type=\"heading.default\">\n\t\t\t\t<div class=\"elementor-widget-container\">\n\t\t\t\t\t<h3 class=\"elementor-heading-title elementor-size-default\">Todos incluyen cejas y labio<\/h3>\t\t\t\t<\/div>\n\t\t\t\t<\/div>\n\t\t\t\t<div class=\"elementor-element elementor-element-67be818 elementor-widget elementor-widget-text-editor\" data-id=\"67be818\" data-element_type=\"widget\" data-e-type=\"widget\" data-widget_type=\"text-editor.default\">\n\t\t\t\t<div class=\"elementor-widget-container\">\n\t\t\t\t\t\t\t\t\t<ul><li>Higiene facial b\u00e1sica.<\/li><li>Higiene facial con tratamiento a elegir.<\/li><li>Higiene facial con tratamiento Ar\u00fade (antiedad global). Combate arrugas, flacidez, manchas, marcas, falta de luminosidad, etc.<\/li><li>MICRONEEDLING (DERMAPEN). Terapia de inducci\u00f3n de col\u00e1geno y elastina.<\/li><\/ul>\t\t\t\t\t\t\t\t<\/div>\n\t\t\t\t<\/div>\n\t\t\t\t<div class=\"elementor-element elementor-element-e107fd6 elementor-widget__width-initial e-transform elementor-widget elementor-widget-heading\" data-id=\"e107fd6\" data-element_type=\"widget\" data-e-type=\"widget\" data-settings=\"{&quot;_transform_scale_effect_hover&quot;:{&quot;unit&quot;:&quot;px&quot;,&quot;size&quot;:1.1,&quot;sizes&quot;:[]},&quot;_transform_scale_effect_hover_tablet&quot;:{&quot;unit&quot;:&quot;px&quot;,&quot;size&quot;:&quot;&quot;,&quot;sizes&quot;:[]},&quot;_transform_scale_effect_hover_mobile&quot;:{&quot;unit&quot;:&quot;px&quot;,&quot;size&quot;:&quot;&quot;,&quot;sizes&quot;:[]}}\" data-widget_type=\"heading.default\">\n\t\t\t\t<div class=\"elementor-widget-container\">\n\t\t\t\t\t<div class=\"elementor-heading-title elementor-size-medium\"><a href=\"https:\/\/www.montibello.com\/esp\/\" target=\"_blank\" rel=\"noopener\">consulta nuestros productos<\/a><\/div>\t\t\t\t<\/div>\n\t\t\t\t<\/div>\n\t\t\t\t\t<\/div>\n\t\t<\/div>\n\t\t\t\t<div class=\"elementor-column elementor-col-33 elementor-top-column elementor-element elementor-element-b6b1240\" data-id=\"b6b1240\" data-element_type=\"column\" data-e-type=\"column\">\n\t\t\t<div class=\"elementor-widget-wrap elementor-element-populated\">\n\t\t\t\t\t\t<div class=\"elementor-element elementor-element-7f1eb25 elementor-widget elementor-widget-image\" data-id=\"7f1eb25\" data-element_type=\"widget\" data-e-type=\"widget\" data-widget_type=\"image.default\">\n\t\t\t\t<div class=\"elementor-widget-container\">\n\t\t\t\t\t\t\t\t\t\t\t\t\t\t\t<img decoding=\"async\" width=\"300\" height=\"212\" src=\"https:\/\/esteticainmavalencia.es\/wp-content\/uploads\/2023\/07\/WhatsApp-Image-2023-06-12-at-09.40.58-2-300x212.jpeg\" class=\"attachment-medium size-medium wp-image-1236\" alt=\"\" srcset=\"https:\/\/esteticainmavalencia.es\/wp-content\/uploads\/2023\/07\/WhatsApp-Image-2023-06-12-at-09.40.58-2-300x212.jpeg 300w, https:\/\/esteticainmavalencia.es\/wp-content\/uploads\/2023\/07\/WhatsApp-Image-2023-06-12-at-09.40.58-2-1024x723.jpeg 1024w, https:\/\/esteticainmavalencia.es\/wp-content\/uploads\/2023\/07\/WhatsApp-Image-2023-06-12-at-09.40.58-2-768x542.jpeg 768w, https:\/\/esteticainmavalencia.es\/wp-content\/uploads\/2023\/07\/WhatsApp-Image-2023-06-12-at-09.40.58-2-85x60.jpeg 85w, https:\/\/esteticainmavalencia.es\/wp-content\/uploads\/2023\/07\/WhatsApp-Image-2023-06-12-at-09.40.58-2.jpeg 1074w\" sizes=\"(max-width: 300px) 100vw, 300px\" \/>\t\t\t\t\t\t\t\t\t\t\t\t\t\t\t<\/div>\n\t\t\t\t<\/div>\n\t\t\t\t\t<\/div>\n\t\t<\/div>\n\t\t\t\t\t<\/div>\n\t\t<\/section>\n\t\t\t\t<section class=\"elementor-section elementor-top-section elementor-element elementor-element-9580cb6 elementor-section-boxed elementor-section-height-default elementor-section-height-default\" data-id=\"9580cb6\" data-element_type=\"section\" data-e-type=\"section\">\n\t\t\t\t\t\t<div class=\"elementor-container elementor-column-gap-default\">\n\t\t\t\t\t<div class=\"elementor-column elementor-col-33 elementor-top-column elementor-element elementor-element-4b11ae5\" data-id=\"4b11ae5\" data-element_type=\"column\" data-e-type=\"column\">\n\t\t\t<div class=\"elementor-widget-wrap elementor-element-populated\">\n\t\t\t\t\t\t<div class=\"elementor-element elementor-element-76dd915 elementor-widget elementor-widget-image\" data-id=\"76dd915\" data-element_type=\"widget\" data-e-type=\"widget\" data-widget_type=\"image.default\">\n\t\t\t\t<div class=\"elementor-widget-container\">\n\t\t\t\t\t\t\t\t\t\t\t\t\t\t\t<img decoding=\"async\" width=\"300\" height=\"268\" src=\"https:\/\/esteticainmavalencia.es\/wp-content\/uploads\/2023\/06\/tratamiento-300x268.jpg\" class=\"attachment-medium size-medium wp-image-815\" alt=\"Servicios de t\u00e9cnica corporal\" srcset=\"https:\/\/esteticainmavalencia.es\/wp-content\/uploads\/2023\/06\/tratamiento-300x268.jpg 300w, https:\/\/esteticainmavalencia.es\/wp-content\/uploads\/2023\/06\/tratamiento-1024x913.jpg 1024w, https:\/\/esteticainmavalencia.es\/wp-content\/uploads\/2023\/06\/tratamiento-768x685.jpg 768w, https:\/\/esteticainmavalencia.es\/wp-content\/uploads\/2023\/06\/tratamiento-67x60.jpg 67w, https:\/\/esteticainmavalencia.es\/wp-content\/uploads\/2023\/06\/tratamiento.jpg 1435w\" sizes=\"(max-width: 300px) 100vw, 300px\" \/>\t\t\t\t\t\t\t\t\t\t\t\t\t\t\t<\/div>\n\t\t\t\t<\/div>\n\t\t\t\t\t<\/div>\n\t\t<\/div>\n\t\t\t\t<div class=\"elementor-column elementor-col-66 elementor-top-column elementor-element elementor-element-eebfc34\" data-id=\"eebfc34\" data-element_type=\"column\" data-e-type=\"column\">\n\t\t\t<div class=\"elementor-widget-wrap elementor-element-populated\">\n\t\t\t\t\t\t<div class=\"elementor-element elementor-element-9fa05f7 elementor-widget elementor-widget-heading\" data-id=\"9fa05f7\" data-element_type=\"widget\" data-e-type=\"widget\" id=\"corporal\" data-widget_type=\"heading.default\">\n\t\t\t\t<div class=\"elementor-widget-container\">\n\t\t\t\t\t<h2 class=\"elementor-heading-title elementor-size-default\">Tratamientos corporales<\/h2>\t\t\t\t<\/div>\n\t\t\t\t<\/div>\n\t\t\t\t<div class=\"elementor-element elementor-element-7d4e8e3 elementor-widget elementor-widget-heading\" data-id=\"7d4e8e3\" data-element_type=\"widget\" data-e-type=\"widget\" data-widget_type=\"heading.default\">\n\t\t\t\t<div class=\"elementor-widget-container\">\n\t\t\t\t\t<h3 class=\"elementor-heading-title elementor-size-default\">Consulta nuestros bonos para varias sesiones<\/h3>\t\t\t\t<\/div>\n\t\t\t\t<\/div>\n\t\t\t\t<div class=\"elementor-element elementor-element-5919ef1 elementor-widget elementor-widget-text-editor\" data-id=\"5919ef1\" data-element_type=\"widget\" data-e-type=\"widget\" data-widget_type=\"text-editor.default\">\n\t\t\t\t<div class=\"elementor-widget-container\">\n\t\t\t\t\t\t\t\t\t<ul><li>CAVITACI\u00d3N (LIPOSUCCI\u00d3N SIN CIRUG\u00cdA) . Con infrarrojos + estimulaci\u00f3n + ultrasonidos + radiofrecuencia.<\/li><li>TRATAMIENTO ANTICELUL\u00cdTICO BODYSLIM. Reductor drenante con envoltura de algas y masaje con esferas.<\/li><li>TRATAMIENTO PIERNAS CANSADAS. Disminuci\u00f3n de ara\u00f1as vasculares y masaje con bamb\u00fa.<\/li><li>TRATAMIENTO PIEL DE SEDA. Peeling corporal con sales marinas + papaya y masaje balin\u00e9s.<\/li><\/ul>\t\t\t\t\t\t\t\t<\/div>\n\t\t\t\t<\/div>\n\t\t\t\t\t<\/div>\n\t\t<\/div>\n\t\t\t\t\t<\/div>\n\t\t<\/section>\n\t\t\t\t<section class=\"elementor-section elementor-top-section elementor-element elementor-element-3ba2f46 elementor-section-boxed elementor-section-height-default elementor-section-height-default\" data-id=\"3ba2f46\" data-element_type=\"section\" data-e-type=\"section\">\n\t\t\t\t\t\t<div class=\"elementor-container elementor-column-gap-default\">\n\t\t\t\t\t<div class=\"elementor-column elementor-col-33 elementor-top-column elementor-element elementor-element-2c0b140\" data-id=\"2c0b140\" data-element_type=\"column\" data-e-type=\"column\">\n\t\t\t<div class=\"elementor-widget-wrap elementor-element-populated\">\n\t\t\t\t\t\t<div class=\"elementor-element elementor-element-baad652 elementor-widget elementor-widget-image\" data-id=\"baad652\" data-element_type=\"widget\" data-e-type=\"widget\" data-widget_type=\"image.default\">\n\t\t\t\t<div class=\"elementor-widget-container\">\n\t\t\t\t\t\t\t\t\t\t\t\t\t\t\t<img loading=\"lazy\" decoding=\"async\" width=\"300\" height=\"300\" src=\"https:\/\/esteticainmavalencia.es\/wp-content\/uploads\/2023\/06\/masajerecortado-300x300.jpg\" class=\"attachment-medium size-medium wp-image-817\" alt=\"Servicio de masaje de Est\u00e9tica Inma\" srcset=\"https:\/\/esteticainmavalencia.es\/wp-content\/uploads\/2023\/06\/masajerecortado-300x300.jpg 300w, https:\/\/esteticainmavalencia.es\/wp-content\/uploads\/2023\/06\/masajerecortado-1024x1024.jpg 1024w, https:\/\/esteticainmavalencia.es\/wp-content\/uploads\/2023\/06\/masajerecortado-150x150.jpg 150w, https:\/\/esteticainmavalencia.es\/wp-content\/uploads\/2023\/06\/masajerecortado-768x767.jpg 768w, https:\/\/esteticainmavalencia.es\/wp-content\/uploads\/2023\/06\/masajerecortado-435x435.jpg 435w, https:\/\/esteticainmavalencia.es\/wp-content\/uploads\/2023\/06\/masajerecortado-60x60.jpg 60w, https:\/\/esteticainmavalencia.es\/wp-content\/uploads\/2023\/06\/masajerecortado.jpg 1281w\" sizes=\"(max-width: 300px) 100vw, 300px\" \/>\t\t\t\t\t\t\t\t\t\t\t\t\t\t\t<\/div>\n\t\t\t\t<\/div>\n\t\t\t\t\t<\/div>\n\t\t<\/div>\n\t\t\t\t<div class=\"elementor-column elementor-col-66 elementor-top-column elementor-element elementor-element-216d564\" data-id=\"216d564\" data-element_type=\"column\" data-e-type=\"column\">\n\t\t\t<div class=\"elementor-widget-wrap elementor-element-populated\">\n\t\t\t\t\t\t<div class=\"elementor-element elementor-element-bfc3f35 elementor-widget elementor-widget-heading\" data-id=\"bfc3f35\" data-element_type=\"widget\" data-e-type=\"widget\" id=\"masaje\" data-widget_type=\"heading.default\">\n\t\t\t\t<div class=\"elementor-widget-container\">\n\t\t\t\t\t<h2 class=\"elementor-heading-title elementor-size-default\">Masajes<\/h2>\t\t\t\t<\/div>\n\t\t\t\t<\/div>\n\t\t\t\t<div class=\"elementor-element elementor-element-902d349 elementor-widget elementor-widget-text-editor\" data-id=\"902d349\" data-element_type=\"widget\" data-e-type=\"widget\" data-widget_type=\"text-editor.default\">\n\t\t\t\t<div class=\"elementor-widget-container\">\n\t\t\t\t\t\t\t\t\t<ul><li>MADEROTERAPIA<\/li><li>MASAJE CIRCULATORIO RELAJANTE. Elimina toxinas y mejora el retorno venoso (con crema o vinoterapia).<\/li><li>MASAJE CIRCULATORIO RELAJANTE PARCIAL. Espalda o piernas<\/li><\/ul>\t\t\t\t\t\t\t\t<\/div>\n\t\t\t\t<\/div>\n\t\t\t\t<div class=\"elementor-element elementor-element-c1f4afe elementor-widget elementor-widget-heading\" data-id=\"c1f4afe\" data-element_type=\"widget\" data-e-type=\"widget\" data-widget_type=\"heading.default\">\n\t\t\t\t<div class=\"elementor-widget-container\">\n\t\t\t\t\t<h2 class=\"elementor-heading-title elementor-size-default\">M\u00e1quina de bienestar corporal<\/h2>\t\t\t\t<\/div>\n\t\t\t\t<\/div>\n\t\t\t\t<div class=\"elementor-element elementor-element-cf2a87f elementor-widget elementor-widget-heading\" data-id=\"cf2a87f\" data-element_type=\"widget\" data-e-type=\"widget\" data-widget_type=\"heading.default\">\n\t\t\t\t<div class=\"elementor-widget-container\">\n\t\t\t\t\t<h3 class=\"elementor-heading-title elementor-size-default\">Disponible bonos de 10 sesiones<\/h3>\t\t\t\t<\/div>\n\t\t\t\t<\/div>\n\t\t\t\t\t<\/div>\n\t\t<\/div>\n\t\t\t\t\t<\/div>\n\t\t<\/section>\n\t\t\t\t<section class=\"elementor-section elementor-top-section elementor-element elementor-element-e379f4e elementor-section-boxed elementor-section-height-default elementor-section-height-default\" data-id=\"e379f4e\" data-element_type=\"section\" data-e-type=\"section\">\n\t\t\t\t\t\t<div class=\"elementor-container elementor-column-gap-default\">\n\t\t\t\t\t<div class=\"elementor-column elementor-col-33 elementor-top-column elementor-element elementor-element-63d186c\" data-id=\"63d186c\" data-element_type=\"column\" data-e-type=\"column\">\n\t\t\t<div class=\"elementor-widget-wrap elementor-element-populated\">\n\t\t\t\t\t\t<div class=\"elementor-element elementor-element-c91c701 elementor-widget elementor-widget-heading\" data-id=\"c91c701\" data-element_type=\"widget\" data-e-type=\"widget\" id=\"depilacion\" data-widget_type=\"heading.default\">\n\t\t\t\t<div class=\"elementor-widget-container\">\n\t\t\t\t\t<h2 class=\"elementor-heading-title elementor-size-default\">Depilaci\u00f3n cera mujer<\/h2>\t\t\t\t<\/div>\n\t\t\t\t<\/div>\n\t\t\t\t<div class=\"elementor-element elementor-element-963ae26 elementor-widget elementor-widget-text-editor\" data-id=\"963ae26\" data-element_type=\"widget\" data-e-type=\"widget\" data-widget_type=\"text-editor.default\">\n\t\t\t\t<div class=\"elementor-widget-container\">\n\t\t\t\t\t\t\t\t\t<p>Cejas y labio<\/p><p>Axilas<\/p><p>Brazos<\/p><p>Ingles<\/p><p>Brasile\u00f1as o \u00edntegro<\/p><p>Medias piernas o muslos<\/p><p>Piernas enteras<\/p>\t\t\t\t\t\t\t\t<\/div>\n\t\t\t\t<\/div>\n\t\t\t\t\t<\/div>\n\t\t<\/div>\n\t\t\t\t<div class=\"elementor-column elementor-col-33 elementor-top-column elementor-element elementor-element-984d45b\" data-id=\"984d45b\" data-element_type=\"column\" data-e-type=\"column\">\n\t\t\t<div class=\"elementor-widget-wrap elementor-element-populated\">\n\t\t\t\t\t\t<div class=\"elementor-element elementor-element-0e50fba elementor-widget elementor-widget-heading\" data-id=\"0e50fba\" data-element_type=\"widget\" data-e-type=\"widget\" data-widget_type=\"heading.default\">\n\t\t\t\t<div class=\"elementor-widget-container\">\n\t\t\t\t\t<h2 class=\"elementor-heading-title elementor-size-default\"><a href=\"index.php\/2023\/06\/29\/especial-depilacion-laser\">Fotodepilaci\u00f3n<\/a><\/h2>\t\t\t\t<\/div>\n\t\t\t\t<\/div>\n\t\t\t\t<div class=\"elementor-element elementor-element-b3c4e13 elementor-widget elementor-widget-image\" data-id=\"b3c4e13\" data-element_type=\"widget\" data-e-type=\"widget\" data-widget_type=\"image.default\">\n\t\t\t\t<div class=\"elementor-widget-container\">\n\t\t\t\t\t\t\t\t\t\t\t\t\t\t\t\t<a href=\"index.php\/2023\/06\/29\/especial-depilacion-laser\">\n\t\t\t\t\t\t\t<img loading=\"lazy\" decoding=\"async\" width=\"300\" height=\"300\" src=\"https:\/\/esteticainmavalencia.es\/wp-content\/uploads\/2023\/06\/Tahe-laser-ipl-300x300.jpg\" class=\"attachment-medium size-medium wp-image-1077\" alt=\"Servicios de fotodepilaci\u00f3n\" srcset=\"https:\/\/esteticainmavalencia.es\/wp-content\/uploads\/2023\/06\/Tahe-laser-ipl-300x300.jpg 300w, https:\/\/esteticainmavalencia.es\/wp-content\/uploads\/2023\/06\/Tahe-laser-ipl-150x150.jpg 150w, https:\/\/esteticainmavalencia.es\/wp-content\/uploads\/2023\/06\/Tahe-laser-ipl-768x768.jpg 768w, https:\/\/esteticainmavalencia.es\/wp-content\/uploads\/2023\/06\/Tahe-laser-ipl-435x435.jpg 435w, https:\/\/esteticainmavalencia.es\/wp-content\/uploads\/2023\/06\/Tahe-laser-ipl-60x60.jpg 60w, https:\/\/esteticainmavalencia.es\/wp-content\/uploads\/2023\/06\/Tahe-laser-ipl.jpg 825w\" sizes=\"(max-width: 300px) 100vw, 300px\" \/>\t\t\t\t\t\t\t\t<\/a>\n\t\t\t\t\t\t\t\t\t\t\t\t\t\t\t<\/div>\n\t\t\t\t<\/div>\n\t\t\t\t\t<\/div>\n\t\t<\/div>\n\t\t\t\t<div class=\"elementor-column elementor-col-33 elementor-top-column elementor-element elementor-element-cf75c72\" data-id=\"cf75c72\" data-element_type=\"column\" data-e-type=\"column\">\n\t\t\t<div class=\"elementor-widget-wrap elementor-element-populated\">\n\t\t\t\t\t\t<div class=\"elementor-element elementor-element-055b29e elementor-widget-tablet__width-initial elementor-widget elementor-widget-heading\" data-id=\"055b29e\" data-element_type=\"widget\" data-e-type=\"widget\" data-widget_type=\"heading.default\">\n\t\t\t\t<div class=\"elementor-widget-container\">\n\t\t\t\t\t<h2 class=\"elementor-heading-title elementor-size-default\">Depilaci\u00f3n cera hombre<\/h2>\t\t\t\t<\/div>\n\t\t\t\t<\/div>\n\t\t\t\t<div class=\"elementor-element elementor-element-37cdb9d elementor-widget elementor-widget-text-editor\" data-id=\"37cdb9d\" data-element_type=\"widget\" data-e-type=\"widget\" data-widget_type=\"text-editor.default\">\n\t\t\t\t<div class=\"elementor-widget-container\">\n\t\t\t\t\t\t\t\t\t<p>Cejas<\/p><p>Cejas + orificios nasales + orejas<\/p><p>Axilas<\/p><p>Pecho<\/p><p>Espalda<\/p><p>Piernas enteras<\/p><p>Medias piernas o brazos<\/p>\t\t\t\t\t\t\t\t<\/div>\n\t\t\t\t<\/div>\n\t\t\t\t\t<\/div>\n\t\t<\/div>\n\t\t\t\t\t<\/div>\n\t\t<\/section>\n\t\t\t\t<section class=\"elementor-section elementor-top-section elementor-element elementor-element-35fd6ba elementor-section-boxed elementor-section-height-default elementor-section-height-default\" data-id=\"35fd6ba\" data-element_type=\"section\" data-e-type=\"section\">\n\t\t\t\t\t\t<div class=\"elementor-container elementor-column-gap-default\">\n\t\t\t\t\t<div class=\"elementor-column elementor-col-100 elementor-top-column elementor-element elementor-element-56174b1\" data-id=\"56174b1\" data-element_type=\"column\" data-e-type=\"column\">\n\t\t\t<div class=\"elementor-widget-wrap elementor-element-populated\">\n\t\t\t\t\t\t<div class=\"elementor-element elementor-element-c7e75a9 elementor-widget elementor-widget-heading\" data-id=\"c7e75a9\" data-element_type=\"widget\" data-e-type=\"widget\" id=\"u\u00f1as\" data-widget_type=\"heading.default\">\n\t\t\t\t<div class=\"elementor-widget-container\">\n\t\t\t\t\t<h2 class=\"elementor-heading-title elementor-size-default\">U\u00f1as<\/h2>\t\t\t\t<\/div>\n\t\t\t\t<\/div>\n\t\t\t\t\t<\/div>\n\t\t<\/div>\n\t\t\t\t\t<\/div>\n\t\t<\/section>\n\t\t\t\t<section class=\"elementor-section elementor-top-section elementor-element elementor-element-97d174b elementor-section-boxed elementor-section-height-default elementor-section-height-default\" data-id=\"97d174b\" data-element_type=\"section\" data-e-type=\"section\" data-settings=\"{&quot;background_background&quot;:&quot;classic&quot;}\">\n\t\t\t\t\t\t\t<div class=\"elementor-background-overlay\"><\/div>\n\t\t\t\t\t\t\t<div class=\"elementor-container elementor-column-gap-default\">\n\t\t\t\t\t<div class=\"elementor-column elementor-col-100 elementor-top-column elementor-element elementor-element-11f7755\" data-id=\"11f7755\" data-element_type=\"column\" data-e-type=\"column\" data-settings=\"{&quot;background_background&quot;:&quot;classic&quot;}\">\n\t\t\t<div class=\"elementor-widget-wrap elementor-element-populated\">\n\t\t\t\t\t<div class=\"elementor-background-overlay\"><\/div>\n\t\t\t\t\t\t<div class=\"elementor-element elementor-element-f61d350 elementor-arrows-position-inside elementor-pagination-position-outside elementor-widget elementor-widget-image-carousel\" data-id=\"f61d350\" data-element_type=\"widget\" data-e-type=\"widget\" data-settings=\"{&quot;slides_to_show&quot;:&quot;4&quot;,&quot;navigation&quot;:&quot;both&quot;,&quot;autoplay&quot;:&quot;yes&quot;,&quot;pause_on_hover&quot;:&quot;yes&quot;,&quot;pause_on_interaction&quot;:&quot;yes&quot;,&quot;autoplay_speed&quot;:5000,&quot;infinite&quot;:&quot;yes&quot;,&quot;speed&quot;:500,&quot;image_spacing_custom&quot;:{&quot;unit&quot;:&quot;px&quot;,&quot;size&quot;:20,&quot;sizes&quot;:[]},&quot;image_spacing_custom_tablet&quot;:{&quot;unit&quot;:&quot;px&quot;,&quot;size&quot;:&quot;&quot;,&quot;sizes&quot;:[]},&quot;image_spacing_custom_mobile&quot;:{&quot;unit&quot;:&quot;px&quot;,&quot;size&quot;:&quot;&quot;,&quot;sizes&quot;:[]}}\" data-widget_type=\"image-carousel.default\">\n\t\t\t\t<div class=\"elementor-widget-container\">\n\t\t\t\t\t\t\t<div class=\"elementor-image-carousel-wrapper swiper\" role=\"region\" aria-roledescription=\"carousel\" aria-label=\"Carrusel de im\u00e1genes\" dir=\"ltr\">\n\t\t\t<div class=\"elementor-image-carousel swiper-wrapper swiper-image-stretch\" aria-live=\"off\">\n\t\t\t\t\t\t\t\t<div class=\"swiper-slide\" role=\"group\" aria-roledescription=\"slide\" aria-label=\"1 de 4\"><a data-elementor-open-lightbox=\"yes\" data-elementor-lightbox-slideshow=\"f61d350\" data-elementor-lightbox-title=\"u\u00f1as1escalado\" data-e-action-hash=\"#elementor-action%3Aaction%3Dlightbox%26settings%3DeyJpZCI6MTE0MiwidXJsIjoiaHR0cHM6XC9cL2VzdGV0aWNhaW5tYXZhbGVuY2lhLmVzXC93cC1jb250ZW50XC91cGxvYWRzXC8yMDIzXC8wNlwvdW5hczFlc2NhbGFkby5qcGciLCJzbGlkZXNob3ciOiJmNjFkMzUwIn0%3D\" href=\"https:\/\/esteticainmavalencia.es\/wp-content\/uploads\/2023\/06\/unas1escalado.jpg\"><figure class=\"swiper-slide-inner\"><img decoding=\"async\" class=\"swiper-slide-image\" src=\"https:\/\/esteticainmavalencia.es\/wp-content\/uploads\/2023\/06\/unas1escalado-300x300.jpg\" alt=\"detalle de dise\u00f1o de u\u00f1as\" \/><\/figure><\/a><\/div><div class=\"swiper-slide\" role=\"group\" aria-roledescription=\"slide\" aria-label=\"2 de 4\"><a data-elementor-open-lightbox=\"yes\" data-elementor-lightbox-slideshow=\"f61d350\" data-elementor-lightbox-title=\"u\u00f1as2escalado\" data-e-action-hash=\"#elementor-action%3Aaction%3Dlightbox%26settings%3DeyJpZCI6MTE0MywidXJsIjoiaHR0cHM6XC9cL2VzdGV0aWNhaW5tYXZhbGVuY2lhLmVzXC93cC1jb250ZW50XC91cGxvYWRzXC8yMDIzXC8wNlwvdW5hczJlc2NhbGFkby5qcGciLCJzbGlkZXNob3ciOiJmNjFkMzUwIn0%3D\" href=\"https:\/\/esteticainmavalencia.es\/wp-content\/uploads\/2023\/06\/unas2escalado.jpg\"><figure class=\"swiper-slide-inner\"><img decoding=\"async\" class=\"swiper-slide-image\" src=\"https:\/\/esteticainmavalencia.es\/wp-content\/uploads\/2023\/06\/unas2escalado-300x300.jpg\" alt=\"detalle de dise\u00f1o de u\u00f1as\" \/><\/figure><\/a><\/div><div class=\"swiper-slide\" role=\"group\" aria-roledescription=\"slide\" aria-label=\"3 de 4\"><a data-elementor-open-lightbox=\"yes\" data-elementor-lightbox-slideshow=\"f61d350\" data-elementor-lightbox-title=\"u\u00f1as4escalado\" data-e-action-hash=\"#elementor-action%3Aaction%3Dlightbox%26settings%3DeyJpZCI6MTE0NSwidXJsIjoiaHR0cHM6XC9cL2VzdGV0aWNhaW5tYXZhbGVuY2lhLmVzXC93cC1jb250ZW50XC91cGxvYWRzXC8yMDIzXC8wNlwvdW5hczRlc2NhbGFkby5qcGciLCJzbGlkZXNob3ciOiJmNjFkMzUwIn0%3D\" href=\"https:\/\/esteticainmavalencia.es\/wp-content\/uploads\/2023\/06\/unas4escalado.jpg\"><figure class=\"swiper-slide-inner\"><img decoding=\"async\" class=\"swiper-slide-image\" src=\"https:\/\/esteticainmavalencia.es\/wp-content\/uploads\/2023\/06\/unas4escalado-300x300.jpg\" alt=\"detalle de dise\u00f1o de u\u00f1as\" \/><\/figure><\/a><\/div><div class=\"swiper-slide\" role=\"group\" aria-roledescription=\"slide\" aria-label=\"4 de 4\"><a data-elementor-open-lightbox=\"yes\" data-elementor-lightbox-slideshow=\"f61d350\" data-elementor-lightbox-title=\"u\u00f1as3escalado\" data-e-action-hash=\"#elementor-action%3Aaction%3Dlightbox%26settings%3DeyJpZCI6MTE0NCwidXJsIjoiaHR0cHM6XC9cL2VzdGV0aWNhaW5tYXZhbGVuY2lhLmVzXC93cC1jb250ZW50XC91cGxvYWRzXC8yMDIzXC8wNlwvdW5hczNlc2NhbGFkby5qcGciLCJzbGlkZXNob3ciOiJmNjFkMzUwIn0%3D\" href=\"https:\/\/esteticainmavalencia.es\/wp-content\/uploads\/2023\/06\/unas3escalado.jpg\"><figure class=\"swiper-slide-inner\"><img decoding=\"async\" class=\"swiper-slide-image\" src=\"https:\/\/esteticainmavalencia.es\/wp-content\/uploads\/2023\/06\/unas3escalado-300x300.jpg\" alt=\"detalle de dise\u00f1o de u\u00f1as\" \/><\/figure><\/a><\/div>\t\t\t<\/div>\n\t\t\t\t\t\t\t\t\t\t\t\t<div class=\"elementor-swiper-button elementor-swiper-button-prev\" role=\"button\" tabindex=\"0\">\n\t\t\t\t\t\t<i aria-hidden=\"true\" class=\"eicon-chevron-left\"><\/i>\t\t\t\t\t<\/div>\n\t\t\t\t\t<div class=\"elementor-swiper-button elementor-swiper-button-next\" role=\"button\" tabindex=\"0\">\n\t\t\t\t\t\t<i aria-hidden=\"true\" class=\"eicon-chevron-right\"><\/i>\t\t\t\t\t<\/div>\n\t\t\t\t\n\t\t\t\t\t\t\t\t\t<div class=\"swiper-pagination\"><\/div>\n\t\t\t\t\t\t\t\t\t<\/div>\n\t\t\t\t\t\t<\/div>\n\t\t\t\t<\/div>\n\t\t\t\t\t<\/div>\n\t\t<\/div>\n\t\t\t\t\t<\/div>\n\t\t<\/section>\n\t\t\t\t<section class=\"elementor-section elementor-top-section elementor-element elementor-element-8ccc183 elementor-section-boxed elementor-section-height-default elementor-section-height-default\" data-id=\"8ccc183\" data-element_type=\"section\" data-e-type=\"section\">\n\t\t\t\t\t\t<div class=\"elementor-container elementor-column-gap-default\">\n\t\t\t\t\t<div class=\"elementor-column elementor-col-50 elementor-top-column elementor-element elementor-element-17c8de0\" data-id=\"17c8de0\" data-element_type=\"column\" data-e-type=\"column\">\n\t\t\t<div class=\"elementor-widget-wrap elementor-element-populated\">\n\t\t\t\t\t\t<div class=\"elementor-element elementor-element-e28b8ce elementor-widget elementor-widget-text-editor\" data-id=\"e28b8ce\" data-element_type=\"widget\" data-e-type=\"widget\" data-widget_type=\"text-editor.default\">\n\t\t\t\t<div class=\"elementor-widget-container\">\n\t\t\t\t\t\t\t\t\t<ul><li>U\u00f1as esculpidas en porcelana.<\/li><li>U\u00f1as esculpidas en gel.<\/li><li>Manicura esmalte semipermanente Shellac<\/li><\/ul>\t\t\t\t\t\t\t\t<\/div>\n\t\t\t\t<\/div>\n\t\t\t\t\t<\/div>\n\t\t<\/div>\n\t\t\t\t<div class=\"elementor-column elementor-col-50 elementor-top-column elementor-element elementor-element-3127ae8\" data-id=\"3127ae8\" data-element_type=\"column\" data-e-type=\"column\">\n\t\t\t<div class=\"elementor-widget-wrap elementor-element-populated\">\n\t\t\t\t\t\t<div class=\"elementor-element elementor-element-88c5e91 elementor-widget elementor-widget-text-editor\" data-id=\"88c5e91\" data-element_type=\"widget\" data-e-type=\"widget\" data-widget_type=\"text-editor.default\">\n\t\t\t\t<div class=\"elementor-widget-container\">\n\t\t\t\t\t\t\t\t\t<ul><li>Limado y esmaltado tradicional<\/li><li><span style=\"color: #808080;\"><a style=\"color: #808080;\" href=\"https:\/\/esteticainmavalencia.es\/index.php\/2023\/04\/08\/prepara-tus-pies-para-el-verano\/\">Pedicura completa con esmaltado\u00a0b\u00e1sico<\/a><\/span><\/li><li>Dise\u00f1o y decoraci\u00f3n<\/li><\/ul>\t\t\t\t\t\t\t\t<\/div>\n\t\t\t\t<\/div>\n\t\t\t\t\t<\/div>\n\t\t<\/div>\n\t\t\t\t\t<\/div>\n\t\t<\/section>\n\t\t\t\t<section class=\"elementor-section elementor-top-section elementor-element elementor-element-42ff90c elementor-section-boxed elementor-section-height-default elementor-section-height-default\" data-id=\"42ff90c\" data-element_type=\"section\" data-e-type=\"section\">\n\t\t\t\t\t\t<div class=\"elementor-container elementor-column-gap-default\">\n\t\t\t\t\t<div class=\"elementor-column elementor-col-33 elementor-top-column elementor-element elementor-element-ea1e07d\" data-id=\"ea1e07d\" data-element_type=\"column\" data-e-type=\"column\">\n\t\t\t<div class=\"elementor-widget-wrap elementor-element-populated\">\n\t\t\t\t\t\t<div class=\"elementor-element elementor-element-63eaf73 elementor-widget elementor-widget-image\" data-id=\"63eaf73\" data-element_type=\"widget\" data-e-type=\"widget\" data-widget_type=\"image.default\">\n\t\t\t\t<div class=\"elementor-widget-container\">\n\t\t\t\t\t\t\t\t\t\t\t\t\t\t\t\t<a href=\"index.php\/2023\/04\/09\/maquillate\/\">\n\t\t\t\t\t\t\t<img loading=\"lazy\" decoding=\"async\" width=\"298\" height=\"300\" src=\"https:\/\/esteticainmavalencia.es\/wp-content\/uploads\/2023\/06\/maquillaje-298x300.jpeg\" class=\"attachment-medium size-medium wp-image-863\" alt=\"profesional realizando un servicio de maquillaje a una clienta\" srcset=\"https:\/\/esteticainmavalencia.es\/wp-content\/uploads\/2023\/06\/maquillaje-298x300.jpeg 298w, https:\/\/esteticainmavalencia.es\/wp-content\/uploads\/2023\/06\/maquillaje-150x150.jpeg 150w, https:\/\/esteticainmavalencia.es\/wp-content\/uploads\/2023\/06\/maquillaje-60x60.jpeg 60w, https:\/\/esteticainmavalencia.es\/wp-content\/uploads\/2023\/06\/maquillaje.jpeg 750w\" sizes=\"(max-width: 298px) 100vw, 298px\" \/>\t\t\t\t\t\t\t\t<\/a>\n\t\t\t\t\t\t\t\t\t\t\t\t\t\t\t<\/div>\n\t\t\t\t<\/div>\n\t\t\t\t\t<\/div>\n\t\t<\/div>\n\t\t\t\t<div class=\"elementor-column elementor-col-33 elementor-top-column elementor-element elementor-element-c1dc819\" data-id=\"c1dc819\" data-element_type=\"column\" data-e-type=\"column\">\n\t\t\t<div class=\"elementor-widget-wrap elementor-element-populated\">\n\t\t\t\t\t\t<div class=\"elementor-element elementor-element-d0c7250 elementor-widget elementor-widget-heading\" data-id=\"d0c7250\" data-element_type=\"widget\" data-e-type=\"widget\" id=\"maquillaje\" data-widget_type=\"heading.default\">\n\t\t\t\t<div class=\"elementor-widget-container\">\n\t\t\t\t\t<h2 class=\"elementor-heading-title elementor-size-default\"><a href=\"index.php\/2023\/04\/09\/maquillate\">Maquillajes<\/a><\/h2>\t\t\t\t<\/div>\n\t\t\t\t<\/div>\n\t\t\t\t<div class=\"elementor-element elementor-element-ac7485b elementor-widget elementor-widget-text-editor\" data-id=\"ac7485b\" data-element_type=\"widget\" data-e-type=\"widget\" data-widget_type=\"text-editor.default\">\n\t\t\t\t<div class=\"elementor-widget-container\">\n\t\t\t\t\t\t\t\t\t<ul><li>Maquillaje tradicional eventos<\/li><li>Maquillaje con aer\u00f3grafo<\/li><li>Prueba de novia + maquillaje novia en local<\/li><\/ul>\t\t\t\t\t\t\t\t<\/div>\n\t\t\t\t<\/div>\n\t\t\t\t<div class=\"elementor-element elementor-element-11be06b elementor-widget elementor-widget-heading\" data-id=\"11be06b\" data-element_type=\"widget\" data-e-type=\"widget\" id=\"pesta\u00f1as\" data-widget_type=\"heading.default\">\n\t\t\t\t<div class=\"elementor-widget-container\">\n\t\t\t\t\t<h2 class=\"elementor-heading-title elementor-size-default\"><a href=\"index.php\/2023\/04\/09\/tu-mirada-es-importante\">Pesta\u00f1as<\/a><\/h2>\t\t\t\t<\/div>\n\t\t\t\t<\/div>\n\t\t\t\t<div class=\"elementor-element elementor-element-499a50d elementor-widget elementor-widget-text-editor\" data-id=\"499a50d\" data-element_type=\"widget\" data-e-type=\"widget\" data-widget_type=\"text-editor.default\">\n\t\t\t\t<div class=\"elementor-widget-container\">\n\t\t\t\t\t\t\t\t\t<ul><li>Permanente y tinte de pesta\u00f1as<\/li><li>Lifing y tinte de pesta\u00f1as<\/li><li>MICROPIGMENTACI\u00d3N<\/li><li>TATUAJES MINI<\/li><li>MICROBLANDING<\/li><\/ul>\t\t\t\t\t\t\t\t<\/div>\n\t\t\t\t<\/div>\n\t\t\t\t\t<\/div>\n\t\t<\/div>\n\t\t\t\t<div class=\"elementor-column elementor-col-33 elementor-top-column elementor-element elementor-element-7d9b4e1\" data-id=\"7d9b4e1\" data-element_type=\"column\" data-e-type=\"column\">\n\t\t\t<div class=\"elementor-widget-wrap elementor-element-populated\">\n\t\t\t\t\t\t<div class=\"elementor-element elementor-element-beb98ec elementor-widget elementor-widget-image\" data-id=\"beb98ec\" data-element_type=\"widget\" data-e-type=\"widget\" data-widget_type=\"image.default\">\n\t\t\t\t<div class=\"elementor-widget-container\">\n\t\t\t\t\t\t\t\t\t\t\t\t\t\t\t\t<a href=\"index.php\/2023\/04\/09\/tu-mirada-es-importante\">\n\t\t\t\t\t\t\t<img loading=\"lazy\" decoding=\"async\" width=\"240\" height=\"300\" src=\"https:\/\/esteticainmavalencia.es\/wp-content\/uploads\/2023\/06\/WhatsApp-Image-2023-06-12-at-11.31.03-240x300.jpeg\" class=\"attachment-medium size-medium wp-image-459\" alt=\"servicios de t\u00e9cnica de pesta\u00f1as\" srcset=\"https:\/\/esteticainmavalencia.es\/wp-content\/uploads\/2023\/06\/WhatsApp-Image-2023-06-12-at-11.31.03-240x300.jpeg 240w, https:\/\/esteticainmavalencia.es\/wp-content\/uploads\/2023\/06\/WhatsApp-Image-2023-06-12-at-11.31.03-819x1024.jpeg 819w, https:\/\/esteticainmavalencia.es\/wp-content\/uploads\/2023\/06\/WhatsApp-Image-2023-06-12-at-11.31.03-768x960.jpeg 768w, https:\/\/esteticainmavalencia.es\/wp-content\/uploads\/2023\/06\/WhatsApp-Image-2023-06-12-at-11.31.03-48x60.jpeg 48w, https:\/\/esteticainmavalencia.es\/wp-content\/uploads\/2023\/06\/WhatsApp-Image-2023-06-12-at-11.31.03.jpeg 1152w\" sizes=\"(max-width: 240px) 100vw, 240px\" \/>\t\t\t\t\t\t\t\t<\/a>\n\t\t\t\t\t\t\t\t\t\t\t\t\t\t\t<\/div>\n\t\t\t\t<\/div>\n\t\t\t\t\t<\/div>\n\t\t<\/div>\n\t\t\t\t\t<\/div>\n\t\t<\/section>\n\t\t\t\t<section class=\"elementor-section elementor-top-section elementor-element elementor-element-fcc2156 elementor-section-boxed elementor-section-height-default elementor-section-height-default\" data-id=\"fcc2156\" data-element_type=\"section\" data-e-type=\"section\">\n\t\t\t\t\t\t<div class=\"elementor-container elementor-column-gap-default\">\n\t\t\t\t\t<div class=\"elementor-column elementor-col-100 elementor-top-column elementor-element elementor-element-4f61a1b\" data-id=\"4f61a1b\" data-element_type=\"column\" data-e-type=\"column\">\n\t\t\t<div class=\"elementor-widget-wrap elementor-element-populated\">\n\t\t\t\t\t\t<div class=\"elementor-element elementor-element-986494e elementor-widget elementor-widget-heading\" data-id=\"986494e\" data-element_type=\"widget\" data-e-type=\"widget\" data-widget_type=\"heading.default\">\n\t\t\t\t<div class=\"elementor-widget-container\">\n\t\t\t\t\t<h3 class=\"elementor-heading-title elementor-size-default\">CONSULTA NUESTROS PRECIOS Y BONOS ESPECIALES<\/h3>\t\t\t\t<\/div>\n\t\t\t\t<\/div>\n\t\t\t\t\t<\/div>\n\t\t<\/div>\n\t\t\t\t\t<\/div>\n\t\t<\/section>\n\t\t\t\t<\/div>\n\t\t","protected":false},"excerpt":{"rendered":"<p>CONSULTA NUESTRA RELACI\u00d3N DE SERVICIOS PROFESIONALES Tratamientos faciales Montibello Todos incluyen cejas y labio Higiene facial b\u00e1sica. Higiene facial con tratamiento a elegir. Higiene facial con tratamiento Ar\u00fade (antiedad global). Combate arrugas, flacidez, manchas, marcas, falta de luminosidad, etc. MICRONEEDLING (DERMAPEN). Terapia de inducci\u00f3n de col\u00e1geno y elastina. consulta nuestros productos Tratamientos corporales Consulta nuestros &hellip; <\/p>\n","protected":false},"author":1,"featured_media":0,"parent":0,"menu_order":0,"comment_status":"closed","ping_status":"closed","template":"elementor_header_footer","meta":{"_monsterinsights_skip_tracking":false,"_monsterinsights_sitenote_active":false,"_monsterinsights_sitenote_note":"","_monsterinsights_sitenote_category":0,"footnotes":""},"class_list":["post-39","page","type-page","status-publish","hentry"],"_links":{"self":[{"href":"https:\/\/esteticainmavalencia.es\/index.php\/wp-json\/wp\/v2\/pages\/39","targetHints":{"allow":["GET"]}}],"collection":[{"href":"https:\/\/esteticainmavalencia.es\/index.php\/wp-json\/wp\/v2\/pages"}],"about":[{"href":"https:\/\/esteticainmavalencia.es\/index.php\/wp-json\/wp\/v2\/types\/page"}],"author":[{"embeddable":true,"href":"https:\/\/esteticainmavalencia.es\/index.php\/wp-json\/wp\/v2\/users\/1"}],"replies":[{"embeddable":true,"href":"https:\/\/esteticainmavalencia.es\/index.php\/wp-json\/wp\/v2\/comments?post=39"}],"version-history":[{"count":377,"href":"https:\/\/esteticainmavalencia.es\/index.php\/wp-json\/wp\/v2\/pages\/39\/revisions"}],"predecessor-version":[{"id":1316,"href":"https:\/\/esteticainmavalencia.es\/index.php\/wp-json\/wp\/v2\/pages\/39\/revisions\/1316"}],"wp:attachment":[{"href":"https:\/\/esteticainmavalencia.es\/index.php\/wp-json\/wp\/v2\/media?parent=39"}],"curies":[{"name":"wp","href":"https:\/\/api.w.org\/{rel}","templated":true}]}}